{"id":789,"date":"2024-03-07T16:46:27","date_gmt":"2024-03-07T19:46:27","guid":{"rendered":"https:\/\/www.quillota.cl\/participacion\/?page_id=789"},"modified":"2024-04-05T13:51:40","modified_gmt":"2024-04-05T16:51:40","slug":"cosoc","status":"publish","type":"page","link":"https:\/\/www.quillota.cl\/participacion\/cosoc\/","title":{"rendered":"CANDIDATOS COSOC"},"content":{"rendered":"<p><img loading=\"lazy\" decoding=\"async\" class=\"wp-image-910 aligncenter\" src=\"https:\/\/www.quillota.cl\/participacion\/wp-content\/uploads\/2024\/04\/SEBASTIAN-FARIAS-FIGUEROA-242x300.jpeg\" alt=\"Candidatos Cosoc\" width=\"299\" height=\"371\" srcset=\"https:\/\/www.quillota.cl\/participacion\/wp-content\/uploads\/2024\/04\/SEBASTIAN-FARIAS-FIGUEROA-242x300.jpeg 242w, https:\/\/www.quillota.cl\/participacion\/wp-content\/uploads\/2024\/04\/SEBASTIAN-FARIAS-FIGUEROA-200x248.jpeg 200w, https:\/\/www.quillota.cl\/participacion\/wp-content\/uploads\/2024\/04\/SEBASTIAN-FARIAS-FIGUEROA.jpeg 750w\" sizes=\"auto, (max-width: 299px) 100vw, 299px\" \/><br \/>\n<u><\/u><\/p>\n<h2 style=\"text-align: center;\"><u>SEBAST\u00cdAN FAR\u00cdAS FIGUEROA<\/u><\/h2>\n<h2 style=\"text-align: center;\">MESA TERRITORIAL VECINOS Y AMIGOS<\/h2>\n<p>&nbsp;<\/p>\n<p><img loading=\"lazy\" decoding=\"async\" class=\"size-medium wp-image-911 aligncenter\" src=\"https:\/\/www.quillota.cl\/participacion\/wp-content\/uploads\/2024\/04\/SARA-GONZALEZ-LEIVA-300x300.png\" alt=\"\" width=\"300\" height=\"300\" srcset=\"https:\/\/www.quillota.cl\/participacion\/wp-content\/uploads\/2024\/04\/SARA-GONZALEZ-LEIVA-300x300.png 300w, https:\/\/www.quillota.cl\/participacion\/wp-content\/uploads\/2024\/04\/SARA-GONZALEZ-LEIVA-150x150.png 150w, https:\/\/www.quillota.cl\/participacion\/wp-content\/uploads\/2024\/04\/SARA-GONZALEZ-LEIVA-200x200.png 200w, https:\/\/www.quillota.cl\/participacion\/wp-content\/uploads\/2024\/04\/SARA-GONZALEZ-LEIVA.png 526w\" sizes=\"auto, (max-width: 300px) 100vw, 300px\" \/><\/p>\n<h2 style=\"text-align: center;\"><u>SARA GONZ\u00c1LEZ LEIVA<\/u><\/h2>\n<h2 style=\"text-align: center;\">COMIT\u00c9 DE AGUA POTABLE RURAL 19 DE FEBRERO<\/h2>\n<p>&nbsp;<\/p>\n<p><img loading=\"lazy\" decoding=\"async\" class=\"wp-image-912 aligncenter\" src=\"https:\/\/www.quillota.cl\/participacion\/wp-content\/uploads\/2024\/04\/ROBERTO-GALLARDO-CUBILLOS-195x300.jpeg\" alt=\"\" width=\"300\" height=\"462\" srcset=\"https:\/\/www.quillota.cl\/participacion\/wp-content\/uploads\/2024\/04\/ROBERTO-GALLARDO-CUBILLOS-195x300.jpeg 195w, https:\/\/www.quillota.cl\/participacion\/wp-content\/uploads\/2024\/04\/ROBERTO-GALLARDO-CUBILLOS-666x1024.jpeg 666w, https:\/\/www.quillota.cl\/participacion\/wp-content\/uploads\/2024\/04\/ROBERTO-GALLARDO-CUBILLOS-768x1181.jpeg 768w, https:\/\/www.quillota.cl\/participacion\/wp-content\/uploads\/2024\/04\/ROBERTO-GALLARDO-CUBILLOS-999x1536.jpeg 999w, https:\/\/www.quillota.cl\/participacion\/wp-content\/uploads\/2024\/04\/ROBERTO-GALLARDO-CUBILLOS-200x308.jpeg 200w, https:\/\/www.quillota.cl\/participacion\/wp-content\/uploads\/2024\/04\/ROBERTO-GALLARDO-CUBILLOS.jpeg 1026w\" sizes=\"auto, (max-width: 300px) 100vw, 300px\" \/><\/p>\n<h2 style=\"text-align: center;\"><u>ROBERTO GALLARDO CUBILLOS<\/u><\/h2>\n<h2 style=\"text-align: center;\">JUNTA DE VECINOS BARRIO FREIRE<\/h2>\n<p>&nbsp;<\/p>\n<p><img loading=\"lazy\" decoding=\"async\" class=\"wp-image-913 aligncenter\" src=\"https:\/\/www.quillota.cl\/participacion\/wp-content\/uploads\/2024\/04\/PATRICIA-MARTIN-PONCE-225x300.jpeg\" alt=\"\" width=\"300\" height=\"400\" srcset=\"https:\/\/www.quillota.cl\/participacion\/wp-content\/uploads\/2024\/04\/PATRICIA-MARTIN-PONCE-225x300.jpeg 225w, https:\/\/www.quillota.cl\/participacion\/wp-content\/uploads\/2024\/04\/PATRICIA-MARTIN-PONCE-768x1023.jpeg 768w, https:\/\/www.quillota.cl\/participacion\/wp-content\/uploads\/2024\/04\/PATRICIA-MARTIN-PONCE-1153x1536.jpeg 1153w, https:\/\/www.quillota.cl\/participacion\/wp-content\/uploads\/2024\/04\/PATRICIA-MARTIN-PONCE-200x267.jpeg 200w, https:\/\/www.quillota.cl\/participacion\/wp-content\/uploads\/2024\/04\/PATRICIA-MARTIN-PONCE.jpeg 1200w\" sizes=\"auto, (max-width: 300px) 100vw, 300px\" \/><\/p>\n<h2 style=\"text-align: center;\"><u>PATRICIA MART\u00cdN PONCE<\/u><\/h2>\n<h2 style=\"text-align: center;\">CLUB ADULTO MAYOR AUNKAN<\/h2>\n<p>&nbsp;<\/p>\n<p><img loading=\"lazy\" decoding=\"async\" class=\"wp-image-914 aligncenter\" src=\"https:\/\/www.quillota.cl\/participacion\/wp-content\/uploads\/2024\/04\/OLGA-CISTERNAS-225x300.jpeg\" alt=\"\" width=\"300\" height=\"400\" srcset=\"https:\/\/www.quillota.cl\/participacion\/wp-content\/uploads\/2024\/04\/OLGA-CISTERNAS-225x300.jpeg 225w, https:\/\/www.quillota.cl\/participacion\/wp-content\/uploads\/2024\/04\/OLGA-CISTERNAS-200x267.jpeg 200w, https:\/\/www.quillota.cl\/participacion\/wp-content\/uploads\/2024\/04\/OLGA-CISTERNAS.jpeg 720w\" sizes=\"auto, (max-width: 300px) 100vw, 300px\" \/><\/p>\n<h2 style=\"text-align: center;\"><u>OLGA CISTERNAS CISTERNAS<\/u><\/h2>\n<h2 style=\"text-align: center;\">JUNTA DE VECINOS POBLACI\u00d3N BEATITA BENAVIDES<\/h2>\n<p>&nbsp;<\/p>\n<p><img loading=\"lazy\" decoding=\"async\" class=\"wp-image-915 aligncenter\" src=\"https:\/\/www.quillota.cl\/participacion\/wp-content\/uploads\/2024\/04\/NILFA-BARRIENTOS-ANDRADE-169x300.jpeg\" alt=\"\" width=\"300\" height=\"533\" srcset=\"https:\/\/www.quillota.cl\/participacion\/wp-content\/uploads\/2024\/04\/NILFA-BARRIENTOS-ANDRADE-169x300.jpeg 169w, https:\/\/www.quillota.cl\/participacion\/wp-content\/uploads\/2024\/04\/NILFA-BARRIENTOS-ANDRADE-576x1024.jpeg 576w, https:\/\/www.quillota.cl\/participacion\/wp-content\/uploads\/2024\/04\/NILFA-BARRIENTOS-ANDRADE-768x1366.jpeg 768w, https:\/\/www.quillota.cl\/participacion\/wp-content\/uploads\/2024\/04\/NILFA-BARRIENTOS-ANDRADE-864x1536.jpeg 864w, https:\/\/www.quillota.cl\/participacion\/wp-content\/uploads\/2024\/04\/NILFA-BARRIENTOS-ANDRADE-200x356.jpeg 200w, https:\/\/www.quillota.cl\/participacion\/wp-content\/uploads\/2024\/04\/NILFA-BARRIENTOS-ANDRADE.jpeg 899w\" sizes=\"auto, (max-width: 300px) 100vw, 300px\" \/><\/p>\n<h2 style=\"text-align: center;\"><u>NILFA BARRIENTOS ANDRADE<\/u><\/h2>\n<h2 style=\"text-align: center;\">CLUB DE ADULTOS MAYORES ESPIRITU JOVEN<\/h2>\n<h2 style=\"text-align: center;\">QUILLOTA<\/h2>\n<p>&nbsp;<\/p>\n<p><img loading=\"lazy\" decoding=\"async\" class=\"wp-image-916 aligncenter\" src=\"https:\/\/www.quillota.cl\/participacion\/wp-content\/uploads\/2024\/04\/NATALIA-RIOJA-VERGARA-225x300.jpeg\" alt=\"\" width=\"300\" height=\"400\" srcset=\"https:\/\/www.quillota.cl\/participacion\/wp-content\/uploads\/2024\/04\/NATALIA-RIOJA-VERGARA-225x300.jpeg 225w, https:\/\/www.quillota.cl\/participacion\/wp-content\/uploads\/2024\/04\/NATALIA-RIOJA-VERGARA-768x1024.jpeg 768w, https:\/\/www.quillota.cl\/participacion\/wp-content\/uploads\/2024\/04\/NATALIA-RIOJA-VERGARA-1152x1536.jpeg 1152w, https:\/\/www.quillota.cl\/participacion\/wp-content\/uploads\/2024\/04\/NATALIA-RIOJA-VERGARA-200x267.jpeg 200w, https:\/\/www.quillota.cl\/participacion\/wp-content\/uploads\/2024\/04\/NATALIA-RIOJA-VERGARA.jpeg 1200w\" sizes=\"auto, (max-width: 300px) 100vw, 300px\" \/><\/p>\n<h2 style=\"text-align: center;\"><u>NATALIA RIOJA VERGARA<\/u><\/h2>\n<h2 style=\"text-align: center;\">UNI\u00d3N COMUNAL DE ADULTO MAYOR DE QUILLOTA<\/h2>\n<p>&nbsp;<\/p>\n<p><img loading=\"lazy\" decoding=\"async\" class=\"wp-image-917 aligncenter\" src=\"https:\/\/www.quillota.cl\/participacion\/wp-content\/uploads\/2024\/04\/MONICA-VERDEJO-225x300.jpeg\" alt=\"\" width=\"299\" height=\"399\" srcset=\"https:\/\/www.quillota.cl\/participacion\/wp-content\/uploads\/2024\/04\/MONICA-VERDEJO-225x300.jpeg 225w, https:\/\/www.quillota.cl\/participacion\/wp-content\/uploads\/2024\/04\/MONICA-VERDEJO-768x1024.jpeg 768w, https:\/\/www.quillota.cl\/participacion\/wp-content\/uploads\/2024\/04\/MONICA-VERDEJO-200x267.jpeg 200w, https:\/\/www.quillota.cl\/participacion\/wp-content\/uploads\/2024\/04\/MONICA-VERDEJO.jpeg 960w\" sizes=\"auto, (max-width: 299px) 100vw, 299px\" \/><\/p>\n<h2 style=\"text-align: center;\"><u>M\u00d3NICA VERDEJO RIQUELME<\/u><\/h2>\n<h2 style=\"text-align: center;\">JUNTA DE VECINOS AGRUPACI\u00d3N DE AGRICULTORES<br \/>\nLAS CRUZADAS<\/h2>\n<p>&nbsp;<\/p>\n<p><img loading=\"lazy\" decoding=\"async\" class=\"wp-image-918 aligncenter\" src=\"https:\/\/www.quillota.cl\/participacion\/wp-content\/uploads\/2024\/04\/MARIBELL-MORENO-225x300.jpeg\" alt=\"\" width=\"297\" height=\"396\" srcset=\"https:\/\/www.quillota.cl\/participacion\/wp-content\/uploads\/2024\/04\/MARIBELL-MORENO-225x300.jpeg 225w, https:\/\/www.quillota.cl\/participacion\/wp-content\/uploads\/2024\/04\/MARIBELL-MORENO-768x1024.jpeg 768w, https:\/\/www.quillota.cl\/participacion\/wp-content\/uploads\/2024\/04\/MARIBELL-MORENO-1152x1536.jpeg 1152w, https:\/\/www.quillota.cl\/participacion\/wp-content\/uploads\/2024\/04\/MARIBELL-MORENO-200x267.jpeg 200w, https:\/\/www.quillota.cl\/participacion\/wp-content\/uploads\/2024\/04\/MARIBELL-MORENO.jpeg 1199w\" sizes=\"auto, (max-width: 297px) 100vw, 297px\" \/><\/p>\n<h2 style=\"text-align: center;\"><u>MARIBELL MORENO GONZ\u00c1LEZ<\/u><\/h2>\n<h2 style=\"text-align: center;\">JUNTA DE VECINOS CONJUNTO HABITACIONAL SAN<br \/>\nISIDRO QUILLOTA<\/h2>\n<p>&nbsp;<\/p>\n<p><img loading=\"lazy\" decoding=\"async\" class=\"wp-image-919 aligncenter\" src=\"https:\/\/www.quillota.cl\/participacion\/wp-content\/uploads\/2024\/04\/MARIA-ARANCIBIA-FIGUEROA-281x300.jpeg\" alt=\"\" width=\"293\" height=\"313\" srcset=\"https:\/\/www.quillota.cl\/participacion\/wp-content\/uploads\/2024\/04\/MARIA-ARANCIBIA-FIGUEROA-281x300.jpeg 281w, https:\/\/www.quillota.cl\/participacion\/wp-content\/uploads\/2024\/04\/MARIA-ARANCIBIA-FIGUEROA-959x1024.jpeg 959w, https:\/\/www.quillota.cl\/participacion\/wp-content\/uploads\/2024\/04\/MARIA-ARANCIBIA-FIGUEROA-768x820.jpeg 768w, https:\/\/www.quillota.cl\/participacion\/wp-content\/uploads\/2024\/04\/MARIA-ARANCIBIA-FIGUEROA-1438x1536.jpeg 1438w, https:\/\/www.quillota.cl\/participacion\/wp-content\/uploads\/2024\/04\/MARIA-ARANCIBIA-FIGUEROA-375x400.jpeg 375w, https:\/\/www.quillota.cl\/participacion\/wp-content\/uploads\/2024\/04\/MARIA-ARANCIBIA-FIGUEROA-200x214.jpeg 200w, https:\/\/www.quillota.cl\/participacion\/wp-content\/uploads\/2024\/04\/MARIA-ARANCIBIA-FIGUEROA.jpeg 1498w\" sizes=\"auto, (max-width: 293px) 100vw, 293px\" \/><\/p>\n<h2 style=\"text-align: center;\"><u>MAR\u00cdA ARANCIBIA FIGUEROA<\/u><\/h2>\n<h2 style=\"text-align: center;\">MESA TERRITORIAL BOCO CRECE UNIDO<\/h2>\n<p>&nbsp;<\/p>\n<p><img loading=\"lazy\" decoding=\"async\" class=\"wp-image-920 aligncenter\" src=\"https:\/\/www.quillota.cl\/participacion\/wp-content\/uploads\/2024\/04\/GRISEL-AROSTICA-225x300.jpeg\" alt=\"\" width=\"292\" height=\"389\" srcset=\"https:\/\/www.quillota.cl\/participacion\/wp-content\/uploads\/2024\/04\/GRISEL-AROSTICA-225x300.jpeg 225w, https:\/\/www.quillota.cl\/participacion\/wp-content\/uploads\/2024\/04\/GRISEL-AROSTICA-766x1024.jpeg 766w, https:\/\/www.quillota.cl\/participacion\/wp-content\/uploads\/2024\/04\/GRISEL-AROSTICA-768x1026.jpeg 768w, https:\/\/www.quillota.cl\/participacion\/wp-content\/uploads\/2024\/04\/GRISEL-AROSTICA-200x267.jpeg 200w, https:\/\/www.quillota.cl\/participacion\/wp-content\/uploads\/2024\/04\/GRISEL-AROSTICA.jpeg 970w\" sizes=\"auto, (max-width: 292px) 100vw, 292px\" \/><\/p>\n<h2 style=\"text-align: center;\"><u>GRISEL AR\u00d3STICA GONZ\u00c1LEZ<\/u><\/h2>\n<h2 style=\"text-align: center;\">JUNTA DE VECINOS LA TETERA<\/h2>\n<p>&nbsp;<\/p>\n<p><img loading=\"lazy\" decoding=\"async\" class=\"wp-image-921 aligncenter\" src=\"https:\/\/www.quillota.cl\/participacion\/wp-content\/uploads\/2024\/04\/JOSE-RETAMALES-CESPEDES-239x300.jpeg\" alt=\"\" width=\"290\" height=\"364\" srcset=\"https:\/\/www.quillota.cl\/participacion\/wp-content\/uploads\/2024\/04\/JOSE-RETAMALES-CESPEDES-239x300.jpeg 239w, https:\/\/www.quillota.cl\/participacion\/wp-content\/uploads\/2024\/04\/JOSE-RETAMALES-CESPEDES-815x1024.jpeg 815w, https:\/\/www.quillota.cl\/participacion\/wp-content\/uploads\/2024\/04\/JOSE-RETAMALES-CESPEDES-768x965.jpeg 768w, https:\/\/www.quillota.cl\/participacion\/wp-content\/uploads\/2024\/04\/JOSE-RETAMALES-CESPEDES-1222x1536.jpeg 1222w, https:\/\/www.quillota.cl\/participacion\/wp-content\/uploads\/2024\/04\/JOSE-RETAMALES-CESPEDES-200x251.jpeg 200w, https:\/\/www.quillota.cl\/participacion\/wp-content\/uploads\/2024\/04\/JOSE-RETAMALES-CESPEDES.jpeg 1273w\" sizes=\"auto, (max-width: 290px) 100vw, 290px\" \/><\/p>\n<h2 style=\"text-align: center;\"><u>JOS\u00c9 RETAMALES C\u00c9SPEDES<\/u><\/h2>\n<h2 style=\"text-align: center;\">CLUB ADULTO MAYOR ABRAZANDO LA VIDA<\/h2>\n<p>&nbsp;<\/p>\n<p><img loading=\"lazy\" decoding=\"async\" class=\"wp-image-922 aligncenter\" src=\"https:\/\/www.quillota.cl\/participacion\/wp-content\/uploads\/2024\/04\/LIDIA-ARAVENA-ROJAS-213x300.jpeg\" alt=\"\" width=\"287\" height=\"404\" srcset=\"https:\/\/www.quillota.cl\/participacion\/wp-content\/uploads\/2024\/04\/LIDIA-ARAVENA-ROJAS-213x300.jpeg 213w, https:\/\/www.quillota.cl\/participacion\/wp-content\/uploads\/2024\/04\/LIDIA-ARAVENA-ROJAS-100x140.jpeg 100w, https:\/\/www.quillota.cl\/participacion\/wp-content\/uploads\/2024\/04\/LIDIA-ARAVENA-ROJAS-200x281.jpeg 200w, https:\/\/www.quillota.cl\/participacion\/wp-content\/uploads\/2024\/04\/LIDIA-ARAVENA-ROJAS.jpeg 535w\" sizes=\"auto, (max-width: 287px) 100vw, 287px\" \/><\/p>\n<h2 style=\"text-align: center;\"><u>LIDIA ARAVENA ROJAS<\/u><\/h2>\n<h2 style=\"text-align: center;\">MESA TERRITORIAL UNI\u00d3N Y PROGRESO<\/h2>\n<p>&nbsp;<\/p>\n<p><img loading=\"lazy\" decoding=\"async\" class=\"wp-image-923 aligncenter\" src=\"https:\/\/www.quillota.cl\/participacion\/wp-content\/uploads\/2024\/04\/LUCY-SANTIS-223x300.jpeg\" alt=\"\" width=\"266\" height=\"358\" srcset=\"https:\/\/www.quillota.cl\/participacion\/wp-content\/uploads\/2024\/04\/LUCY-SANTIS-223x300.jpeg 223w, https:\/\/www.quillota.cl\/participacion\/wp-content\/uploads\/2024\/04\/LUCY-SANTIS-200x269.jpeg 200w, https:\/\/www.quillota.cl\/participacion\/wp-content\/uploads\/2024\/04\/LUCY-SANTIS.jpeg 720w\" sizes=\"auto, (max-width: 266px) 100vw, 266px\" \/><\/p>\n<h2 style=\"text-align: center;\"><u>LUCY SANTIS RAMOS<\/u><\/h2>\n<h2 style=\"text-align: center;\">JUNTA DE VECINOS VILLA PARA\u00cdSO<\/h2>\n<p>&nbsp;<\/p>\n<p><img loading=\"lazy\" decoding=\"async\" class=\"wp-image-924 aligncenter\" src=\"https:\/\/www.quillota.cl\/participacion\/wp-content\/uploads\/2024\/04\/LUCIA-TORO-239x300.jpeg\" alt=\"\" width=\"265\" height=\"333\" srcset=\"https:\/\/www.quillota.cl\/participacion\/wp-content\/uploads\/2024\/04\/LUCIA-TORO-239x300.jpeg 239w, https:\/\/www.quillota.cl\/participacion\/wp-content\/uploads\/2024\/04\/LUCIA-TORO-815x1024.jpeg 815w, https:\/\/www.quillota.cl\/participacion\/wp-content\/uploads\/2024\/04\/LUCIA-TORO-768x965.jpeg 768w, https:\/\/www.quillota.cl\/participacion\/wp-content\/uploads\/2024\/04\/LUCIA-TORO-200x251.jpeg 200w, https:\/\/www.quillota.cl\/participacion\/wp-content\/uploads\/2024\/04\/LUCIA-TORO.jpeg 1019w\" sizes=\"auto, (max-width: 265px) 100vw, 265px\" \/><\/p>\n<h2 style=\"text-align: center;\"><u>LUC\u00cdA TORO CATALDO<\/u><\/h2>\n<h2 style=\"text-align: center;\">JUNTA DE VECINOS EL ESFUERZO<\/h2>\n<p>&nbsp;<\/p>\n<p><img loading=\"lazy\" decoding=\"async\" class=\"wp-image-925 aligncenter\" src=\"https:\/\/www.quillota.cl\/participacion\/wp-content\/uploads\/2024\/04\/MARGARITA-CARDENAS-CARRENO-225x300.jpeg\" alt=\"\" width=\"263\" height=\"351\" srcset=\"https:\/\/www.quillota.cl\/participacion\/wp-content\/uploads\/2024\/04\/MARGARITA-CARDENAS-CARRENO-225x300.jpeg 225w, https:\/\/www.quillota.cl\/participacion\/wp-content\/uploads\/2024\/04\/MARGARITA-CARDENAS-CARRENO-768x1024.jpeg 768w, https:\/\/www.quillota.cl\/participacion\/wp-content\/uploads\/2024\/04\/MARGARITA-CARDENAS-CARRENO-1152x1536.jpeg 1152w, https:\/\/www.quillota.cl\/participacion\/wp-content\/uploads\/2024\/04\/MARGARITA-CARDENAS-CARRENO-200x267.jpeg 200w, https:\/\/www.quillota.cl\/participacion\/wp-content\/uploads\/2024\/04\/MARGARITA-CARDENAS-CARRENO.jpeg 1200w\" sizes=\"auto, (max-width: 263px) 100vw, 263px\" \/><\/p>\n<h2 style=\"text-align: center;\"><u>MARGARITA C\u00c1RDENAS CARRE\u00d1O<\/u><\/h2>\n<h2 style=\"text-align: center;\">JUNTA DE VECINOS PROGRESO Y<br \/>\nDESARROLLO<\/h2>\n<p>&nbsp;<\/p>\n<p><img loading=\"lazy\" decoding=\"async\" class=\"wp-image-926 aligncenter\" src=\"https:\/\/www.quillota.cl\/participacion\/wp-content\/uploads\/2024\/04\/MARGARITA-ANDRADE-169x300.jpeg\" alt=\"\" width=\"264\" height=\"469\" srcset=\"https:\/\/www.quillota.cl\/participacion\/wp-content\/uploads\/2024\/04\/MARGARITA-ANDRADE-169x300.jpeg 169w, https:\/\/www.quillota.cl\/participacion\/wp-content\/uploads\/2024\/04\/MARGARITA-ANDRADE-576x1024.jpeg 576w, https:\/\/www.quillota.cl\/participacion\/wp-content\/uploads\/2024\/04\/MARGARITA-ANDRADE-768x1365.jpeg 768w, https:\/\/www.quillota.cl\/participacion\/wp-content\/uploads\/2024\/04\/MARGARITA-ANDRADE-864x1536.jpeg 864w, https:\/\/www.quillota.cl\/participacion\/wp-content\/uploads\/2024\/04\/MARGARITA-ANDRADE-200x356.jpeg 200w, https:\/\/www.quillota.cl\/participacion\/wp-content\/uploads\/2024\/04\/MARGARITA-ANDRADE.jpeg 900w\" sizes=\"auto, (max-width: 264px) 100vw, 264px\" \/><\/p>\n<h2 style=\"text-align: center;\"><u>MARGARITA ANDRADE MART\u00cdNEZ<\/u><\/h2>\n<h2 style=\"text-align: center;\">JUNTA DE VECINOS ROSALES KENNEDY<\/h2>\n<p>&nbsp;<\/p>\n<p><img loading=\"lazy\" decoding=\"async\" class=\"wp-image-927 aligncenter\" src=\"https:\/\/www.quillota.cl\/participacion\/wp-content\/uploads\/2024\/04\/GABRIELA-DARRIGRANDE-AMARO-225x300.jpeg\" alt=\"\" width=\"262\" height=\"349\" srcset=\"https:\/\/www.quillota.cl\/participacion\/wp-content\/uploads\/2024\/04\/GABRIELA-DARRIGRANDE-AMARO-225x300.jpeg 225w, https:\/\/www.quillota.cl\/participacion\/wp-content\/uploads\/2024\/04\/GABRIELA-DARRIGRANDE-AMARO-768x1024.jpeg 768w, https:\/\/www.quillota.cl\/participacion\/wp-content\/uploads\/2024\/04\/GABRIELA-DARRIGRANDE-AMARO-200x267.jpeg 200w, https:\/\/www.quillota.cl\/participacion\/wp-content\/uploads\/2024\/04\/GABRIELA-DARRIGRANDE-AMARO.jpeg 960w\" sizes=\"auto, (max-width: 262px) 100vw, 262px\" \/><\/p>\n<h2 style=\"text-align: center;\"><u>GABRIELA DARRIGRANDE AMARO<\/u><\/h2>\n<h2 style=\"text-align: center;\">JUNTA DE VECINOS SANTA TERESITA DE JESUS<\/h2>\n<p>&nbsp;<\/p>\n<p><img loading=\"lazy\" decoding=\"async\" class=\"wp-image-928 aligncenter\" src=\"https:\/\/www.quillota.cl\/participacion\/wp-content\/uploads\/2024\/04\/FRANCISCA-BELMAR-AGUILERA-300x300.jpeg\" alt=\"\" width=\"263\" height=\"263\" srcset=\"https:\/\/www.quillota.cl\/participacion\/wp-content\/uploads\/2024\/04\/FRANCISCA-BELMAR-AGUILERA-300x300.jpeg 300w, https:\/\/www.quillota.cl\/participacion\/wp-content\/uploads\/2024\/04\/FRANCISCA-BELMAR-AGUILERA-1024x1021.jpeg 1024w, https:\/\/www.quillota.cl\/participacion\/wp-content\/uploads\/2024\/04\/FRANCISCA-BELMAR-AGUILERA-150x150.jpeg 150w, https:\/\/www.quillota.cl\/participacion\/wp-content\/uploads\/2024\/04\/FRANCISCA-BELMAR-AGUILERA-768x766.jpeg 768w, https:\/\/www.quillota.cl\/participacion\/wp-content\/uploads\/2024\/04\/FRANCISCA-BELMAR-AGUILERA-200x199.jpeg 200w, https:\/\/www.quillota.cl\/participacion\/wp-content\/uploads\/2024\/04\/FRANCISCA-BELMAR-AGUILERA.jpeg 1428w\" sizes=\"auto, (max-width: 263px) 100vw, 263px\" \/><\/p>\n<h2 style=\"text-align: center;\"><u>FRANCISCA BELMAR AGUILERA<\/u><\/h2>\n<h2 style=\"text-align: center;\">CLUB DEPORTIVO NACIONAL<\/h2>\n<p>&nbsp;<\/p>\n<p><img loading=\"lazy\" decoding=\"async\" class=\"wp-image-929 aligncenter\" src=\"https:\/\/www.quillota.cl\/participacion\/wp-content\/uploads\/2024\/04\/ARMINDA-ARAYA-300x225.jpeg\" alt=\"\" width=\"265\" height=\"199\" srcset=\"https:\/\/www.quillota.cl\/participacion\/wp-content\/uploads\/2024\/04\/ARMINDA-ARAYA-300x225.jpeg 300w, https:\/\/www.quillota.cl\/participacion\/wp-content\/uploads\/2024\/04\/ARMINDA-ARAYA-1024x768.jpeg 1024w, https:\/\/www.quillota.cl\/participacion\/wp-content\/uploads\/2024\/04\/ARMINDA-ARAYA-768x576.jpeg 768w, https:\/\/www.quillota.cl\/participacion\/wp-content\/uploads\/2024\/04\/ARMINDA-ARAYA-1536x1153.jpeg 1536w, https:\/\/www.quillota.cl\/participacion\/wp-content\/uploads\/2024\/04\/ARMINDA-ARAYA-200x150.jpeg 200w, https:\/\/www.quillota.cl\/participacion\/wp-content\/uploads\/2024\/04\/ARMINDA-ARAYA.jpeg 1599w\" sizes=\"auto, (max-width: 265px) 100vw, 265px\" \/><\/p>\n<h2 style=\"text-align: center;\"><u>ARMINDA ARAYA CASTILLO<\/u><\/h2>\n<h2 style=\"text-align: center;\">JUNTA DE VECINOS SECTOR HOSPITAL<\/h2>\n<p>&nbsp;<\/p>\n<p><img loading=\"lazy\" decoding=\"async\" class=\"wp-image-930 aligncenter\" src=\"https:\/\/www.quillota.cl\/participacion\/wp-content\/uploads\/2024\/04\/CRISTOBALINA-VERA-ROJAS-225x300.jpeg\" alt=\"\" width=\"262\" height=\"349\" srcset=\"https:\/\/www.quillota.cl\/participacion\/wp-content\/uploads\/2024\/04\/CRISTOBALINA-VERA-ROJAS-225x300.jpeg 225w, https:\/\/www.quillota.cl\/participacion\/wp-content\/uploads\/2024\/04\/CRISTOBALINA-VERA-ROJAS-768x1023.jpeg 768w, https:\/\/www.quillota.cl\/participacion\/wp-content\/uploads\/2024\/04\/CRISTOBALINA-VERA-ROJAS-1153x1536.jpeg 1153w, https:\/\/www.quillota.cl\/participacion\/wp-content\/uploads\/2024\/04\/CRISTOBALINA-VERA-ROJAS-200x267.jpeg 200w, https:\/\/www.quillota.cl\/participacion\/wp-content\/uploads\/2024\/04\/CRISTOBALINA-VERA-ROJAS.jpeg 1200w\" sizes=\"auto, (max-width: 262px) 100vw, 262px\" \/><\/p>\n<h2 style=\"text-align: center;\"><u>CRISTOBALINA VERA ROJAS<\/u><\/h2>\n<h2 style=\"text-align: center;\">JUNTA DE VECINOS SAN FRANCISCO<\/h2>\n<p>&nbsp;<\/p>\n<p><img loading=\"lazy\" decoding=\"async\" class=\"wp-image-931 aligncenter\" src=\"https:\/\/www.quillota.cl\/participacion\/wp-content\/uploads\/2024\/04\/ANA-ALARCON-VALENCIA-225x300.jpeg\" alt=\"\" width=\"264\" height=\"352\" srcset=\"https:\/\/www.quillota.cl\/participacion\/wp-content\/uploads\/2024\/04\/ANA-ALARCON-VALENCIA-225x300.jpeg 225w, https:\/\/www.quillota.cl\/participacion\/wp-content\/uploads\/2024\/04\/ANA-ALARCON-VALENCIA-768x1024.jpeg 768w, https:\/\/www.quillota.cl\/participacion\/wp-content\/uploads\/2024\/04\/ANA-ALARCON-VALENCIA-200x267.jpeg 200w, https:\/\/www.quillota.cl\/participacion\/wp-content\/uploads\/2024\/04\/ANA-ALARCON-VALENCIA.jpeg 960w\" sizes=\"auto, (max-width: 264px) 100vw, 264px\" \/><\/p>\n<h2 style=\"text-align: center;\"><u>ANA ALARC\u00d3N VALENCIA<\/u><\/h2>\n<h2 style=\"text-align: center;\">CLUB ADULTO MAYOR RENACER DE LA ACONCAGUA<\/h2>\n<h2 style=\"text-align: center;\">SUR<\/h2>\n<p>&nbsp;<\/p>\n<h2 style=\"text-align: center;\"><img loading=\"lazy\" decoding=\"async\" class=\"wp-image-932 aligncenter\" src=\"https:\/\/www.quillota.cl\/participacion\/wp-content\/uploads\/2024\/04\/ZUNILDA-BRITO-PAZ-169x300.jpeg\" alt=\"\" width=\"260\" height=\"462\" srcset=\"https:\/\/www.quillota.cl\/participacion\/wp-content\/uploads\/2024\/04\/ZUNILDA-BRITO-PAZ-169x300.jpeg 169w, https:\/\/www.quillota.cl\/participacion\/wp-content\/uploads\/2024\/04\/ZUNILDA-BRITO-PAZ-576x1024.jpeg 576w, https:\/\/www.quillota.cl\/participacion\/wp-content\/uploads\/2024\/04\/ZUNILDA-BRITO-PAZ-768x1366.jpeg 768w, https:\/\/www.quillota.cl\/participacion\/wp-content\/uploads\/2024\/04\/ZUNILDA-BRITO-PAZ-864x1536.jpeg 864w, https:\/\/www.quillota.cl\/participacion\/wp-content\/uploads\/2024\/04\/ZUNILDA-BRITO-PAZ-200x356.jpeg 200w, https:\/\/www.quillota.cl\/participacion\/wp-content\/uploads\/2024\/04\/ZUNILDA-BRITO-PAZ.jpeg 899w\" sizes=\"auto, (max-width: 260px) 100vw, 260px\" \/><\/h2>\n<h2 style=\"text-align: center;\"><u>ZUNILDA BRITO PAZ<\/u><\/h2>\n<h2 style=\"text-align: center;\">JUNTA DE VECINOS ACONCAGUA NORTE<\/h2>\n<p><img loading=\"lazy\" decoding=\"async\" class=\"wp-image-937 aligncenter\" src=\"https:\/\/www.quillota.cl\/participacion\/wp-content\/uploads\/2024\/04\/EMA-SOLIS-225x300.jpeg\" alt=\"\" width=\"303\" height=\"404\" srcset=\"https:\/\/www.quillota.cl\/participacion\/wp-content\/uploads\/2024\/04\/EMA-SOLIS-225x300.jpeg 225w, https:\/\/www.quillota.cl\/participacion\/wp-content\/uploads\/2024\/04\/EMA-SOLIS-768x1024.jpeg 768w, https:\/\/www.quillota.cl\/participacion\/wp-content\/uploads\/2024\/04\/EMA-SOLIS-200x267.jpeg 200w, https:\/\/www.quillota.cl\/participacion\/wp-content\/uploads\/2024\/04\/EMA-SOLIS.jpeg 960w\" sizes=\"auto, (max-width: 303px) 100vw, 303px\" \/><\/p>\n<h2 style=\"text-align: center;\"><u>EMA SOL\u00cdS TELLO<\/u><\/h2>\n<h2 style=\"text-align: center;\">JUNTA DE VECINOS EL HUERTO<\/h2>\n<p>&nbsp;<\/p>\n<p>&nbsp;<\/p>\n","protected":false},"excerpt":{"rendered":"<p>SEBAST\u00cdAN FAR\u00cdAS FIGUEROA MESA TERRITORIAL VECINOS Y AMIGOS &nbsp; SARA GONZ\u00c1LEZ LEIVA COMIT\u00c9 DE AGUA POTABLE RURAL 19 DE FEBRERO[&#8230;]<\/p>\n","protected":false},"author":3,"featured_media":791,"parent":0,"menu_order":0,"comment_status":"closed","ping_status":"closed","template":"","meta":{"footnotes":""},"class_list":["post-789","page","type-page","status-publish","has-post-thumbnail","hentry"],"_links":{"self":[{"href":"https:\/\/www.quillota.cl\/participacion\/wp-json\/wp\/v2\/pages\/789","targetHints":{"allow":["GET"]}}],"collection":[{"href":"https:\/\/www.quillota.cl\/participacion\/wp-json\/wp\/v2\/pages"}],"about":[{"href":"https:\/\/www.quillota.cl\/participacion\/wp-json\/wp\/v2\/types\/page"}],"author":[{"embeddable":true,"href":"https:\/\/www.quillota.cl\/participacion\/wp-json\/wp\/v2\/users\/3"}],"replies":[{"embeddable":true,"href":"https:\/\/www.quillota.cl\/participacion\/wp-json\/wp\/v2\/comments?post=789"}],"version-history":[{"count":99,"href":"https:\/\/www.quillota.cl\/participacion\/wp-json\/wp\/v2\/pages\/789\/revisions"}],"predecessor-version":[{"id":948,"href":"https:\/\/www.quillota.cl\/participacion\/wp-json\/wp\/v2\/pages\/789\/revisions\/948"}],"wp:featuredmedia":[{"embeddable":true,"href":"https:\/\/www.quillota.cl\/participacion\/wp-json\/wp\/v2\/media\/791"}],"wp:attachment":[{"href":"https:\/\/www.quillota.cl\/participacion\/wp-json\/wp\/v2\/media?parent=789"}],"curies":[{"name":"wp","href":"https:\/\/api.w.org\/{rel}","templated":true}]}}